{"id":250,"date":"2020-08-28T16:04:24","date_gmt":"2020-08-28T14:04:24","guid":{"rendered":"http:\/\/regenbogenschule-weetzen.de\/?page_id=250"},"modified":"2025-08-14T09:51:44","modified_gmt":"2025-08-14T07:51:44","slug":"das-regenbogen-team","status":"publish","type":"page","link":"http:\/\/regenbogenschule-weetzen.de\/?page_id=250","title":{"rendered":"Das Regenbogen-Team"},"content":{"rendered":"\n<p>Das sind wir! <\/p>\n\n\n\n<p>An der Regenbogenschule Weetzen unterrichten aktuell 14 Lehrerinnen. Unterst\u00fctzt werden wir durch vier p\u00e4dagogische Mitarbeiter_Innen, eine Sekret\u00e4rin und einen Hausmeister. Ebenso geh\u00f6ren zu unserem Team unsere Schulsozialarbeiterin und unsere Bundesfreiwilligendienstlerin im Bereich Sport.<\/p>\n\n\n\n<p>Z\u00f6gern Sie nicht uns anzusprechen. Bitte bedenken Sie aber, dass das Wohl Ihrer Kinder uns am Herzen liegt und wir uns daher gerne Zeit nehmen f\u00fcr ein Gespr\u00e4ch. Bitte sehen Sie daher von jeglichen Gespr\u00e4chen &#8222;zwischen T\u00fcr und Angel&#8220; ab.<\/p>\n\n\n\n<div class=\"wp-block-group has-light-green-cyan-background-color has-background\"><div class=\"wp-block-group__inner-container is-layout-flow wp-block-group-is-layout-flow\">\n<p class=\"has-text-align-center has-pale-pink-background-color has-background has-large-font-size\">Frau Ammann<\/p>\n\n\n\n<p class=\"has-text-align-center has-very-dark-gray-color has-light-green-cyan-background-color has-text-color has-background has-medium-font-size\">Klassenlehrerin 2b<\/p>\n\n\n\n<p class=\"has-text-align-center has-very-dark-gray-color has-light-green-cyan-background-color has-text-color has-background\"><\/p>\n<\/div><\/div>\n\n\n\n<div class=\"wp-block-media-text alignwide is-stacked-on-mobile has-light-green-cyan-background-color has-background\"><figure class=\"wp-block-media-text__media\"><img loading=\"lazy\" decoding=\"async\" width=\"576\" height=\"1024\" src=\"http:\/\/regenbogenschule-weetzen.de\/wp-content\/uploads\/2020\/08\/20200617_152912-1-576x1024.jpg\" alt=\"\" class=\"wp-image-252 size-full\" srcset=\"http:\/\/regenbogenschule-weetzen.de\/wp-content\/uploads\/2020\/08\/20200617_152912-1-576x1024.jpg 576w, http:\/\/regenbogenschule-weetzen.de\/wp-content\/uploads\/2020\/08\/20200617_152912-1-169x300.jpg 169w, http:\/\/regenbogenschule-weetzen.de\/wp-content\/uploads\/2020\/08\/20200617_152912-1-1152x2048.jpg 1152w, http:\/\/regenbogenschule-weetzen.de\/wp-content\/uploads\/2020\/08\/20200617_152912-1-113x200.jpg 113w, http:\/\/regenbogenschule-weetzen.de\/wp-content\/uploads\/2020\/08\/20200617_152912-1-338x600.jpg 338w, http:\/\/regenbogenschule-weetzen.de\/wp-content\/uploads\/2020\/08\/20200617_152912-1-563x1000.jpg 563w, http:\/\/regenbogenschule-weetzen.de\/wp-content\/uploads\/2020\/08\/20200617_152912-1-scaled.jpg 1440w\" sizes=\"(max-width: 576px) 100vw, 576px\" \/><\/figure><div class=\"wp-block-media-text__content\">\n<p class=\"has-text-align-center has-pale-pink-background-color has-background has-large-font-size\">Frau Coujour<\/p>\n\n\n\n<p class=\"has-text-align-center has-light-green-cyan-background-color has-background has-medium-font-size\">Klassenlehrerin 4a<\/p>\n\n\n\n<p>kommissarische stellv. Schulleitung <\/p>\n\n\n\n<p class=\"has-text-align-center has-light-green-cyan-background-color has-background\"><\/p>\n<\/div><\/div>\n\n\n\n<p><\/p>\n\n\n\n<div class=\"wp-block-media-text alignwide is-stacked-on-mobile is-image-fill has-light-green-cyan-background-color has-background\" style=\"grid-template-columns:36% auto\"><figure class=\"wp-block-media-text__media\" style=\"background-image:url(http:\/\/regenbogenschule-weetzen.de\/wp-content\/uploads\/2020\/08\/20200825_154651-2-576x1024.jpg);background-position:50% 50%\"><img loading=\"lazy\" decoding=\"async\" width=\"576\" height=\"1024\" src=\"http:\/\/regenbogenschule-weetzen.de\/wp-content\/uploads\/2020\/08\/20200825_154651-2-576x1024.jpg\" alt=\"\" class=\"wp-image-263 size-full\" srcset=\"http:\/\/regenbogenschule-weetzen.de\/wp-content\/uploads\/2020\/08\/20200825_154651-2-576x1024.jpg 576w, http:\/\/regenbogenschule-weetzen.de\/wp-content\/uploads\/2020\/08\/20200825_154651-2-169x300.jpg 169w, http:\/\/regenbogenschule-weetzen.de\/wp-content\/uploads\/2020\/08\/20200825_154651-2-1152x2048.jpg 1152w, http:\/\/regenbogenschule-weetzen.de\/wp-content\/uploads\/2020\/08\/20200825_154651-2-113x200.jpg 113w, http:\/\/regenbogenschule-weetzen.de\/wp-content\/uploads\/2020\/08\/20200825_154651-2-338x600.jpg 338w, http:\/\/regenbogenschule-weetzen.de\/wp-content\/uploads\/2020\/08\/20200825_154651-2-563x1000.jpg 563w, http:\/\/regenbogenschule-weetzen.de\/wp-content\/uploads\/2020\/08\/20200825_154651-2-scaled.jpg 1440w\" sizes=\"(max-width: 576px) 100vw, 576px\" \/><\/figure><div class=\"wp-block-media-text__content\">\n<p><\/p>\n\n\n\n<p class=\"has-text-align-center has-pale-pink-background-color has-background has-large-font-size\">Frau Hinrichs<\/p>\n\n\n\n<p class=\"has-text-align-center has-light-green-cyan-background-color has-background has-medium-font-size\">in Elternzeit<\/p>\n\n\n\n<p class=\"has-text-align-center has-light-green-cyan-background-color has-background\"><\/p>\n\n\n\n<p class=\"has-text-align-center has-light-green-cyan-background-color has-background\"><\/p>\n<\/div><\/div>\n\n\n\n<p><\/p>\n\n\n\n<div class=\"wp-block-group has-light-green-cyan-background-color has-background\"><div class=\"wp-block-group__inner-container is-layout-flow wp-block-group-is-layout-flow\">\n<p class=\"has-text-align-center has-pale-pink-background-color has-background has-large-font-size\">Frau B\u00f6ging<\/p>\n\n\n\n<p class=\"has-text-align-center has-light-green-cyan-background-color has-background has-medium-font-size\">Klassenlehrerin 2a<\/p>\n\n\n\n<p class=\"has-text-align-center has-light-green-cyan-background-color has-background\"><\/p>\n<\/div><\/div>\n\n\n\n<div class=\"wp-block-group has-light-green-cyan-background-color has-background\"><div class=\"wp-block-group__inner-container is-layout-flow wp-block-group-is-layout-flow\">\n<p class=\"has-text-align-center has-pale-pink-background-color has-background has-large-font-size\">Frau Knappe<\/p>\n\n\n\n<p class=\"has-text-align-center has-light-green-cyan-background-color has-background has-medium-font-size\"><\/p>\n\n\n\n<p class=\"has-text-align-center has-light-green-cyan-background-color has-background\">Schulleitung<\/p>\n<\/div><\/div>\n\n\n\n<p><\/p>\n\n\n\n<div class=\"wp-block-media-text alignwide is-stacked-on-mobile has-light-green-cyan-background-color has-background\" style=\"grid-template-columns:45% auto\"><figure class=\"wp-block-media-text__media\"><img loading=\"lazy\" decoding=\"async\" width=\"1024\" height=\"768\" src=\"http:\/\/regenbogenschule-weetzen.de\/wp-content\/uploads\/2020\/08\/IMG_1957.png\" alt=\"\" class=\"wp-image-255 size-full\" srcset=\"http:\/\/regenbogenschule-weetzen.de\/wp-content\/uploads\/2020\/08\/IMG_1957.png 1024w, http:\/\/regenbogenschule-weetzen.de\/wp-content\/uploads\/2020\/08\/IMG_1957-300x225.png 300w, http:\/\/regenbogenschule-weetzen.de\/wp-content\/uploads\/2020\/08\/IMG_1957-768x576.png 768w, http:\/\/regenbogenschule-weetzen.de\/wp-content\/uploads\/2020\/08\/IMG_1957-200x150.png 200w, http:\/\/regenbogenschule-weetzen.de\/wp-content\/uploads\/2020\/08\/IMG_1957-800x600.png 800w\" sizes=\"(max-width: 1024px) 100vw, 1024px\" \/><\/figure><div class=\"wp-block-media-text__content\">\n<p><\/p>\n\n\n\n<p class=\"has-text-align-center has-pale-pink-background-color has-background has-large-font-size\">Frau Leubauer<\/p>\n\n\n\n<p class=\"has-text-align-center has-light-green-cyan-background-color has-background\">F\u00f6rderschullehrerin<\/p>\n\n\n\n<p class=\"has-text-align-center has-light-green-cyan-background-color has-background has-small-font-size\"><\/p>\n<\/div><\/div>\n\n\n\n<p><\/p>\n\n\n\n<div class=\"wp-block-group has-light-green-cyan-background-color has-background\"><div class=\"wp-block-group__inner-container is-layout-flow wp-block-group-is-layout-flow\">\n<p class=\"has-text-align-center has-pale-pink-background-color has-background has-large-font-size\">Frau Naschinski<\/p>\n\n\n\n<p class=\"has-text-align-center has-light-green-cyan-background-color has-background has-medium-font-size\">Klassenlehrerin 2c<\/p>\n\n\n\n<p class=\"has-text-align-center has-light-green-cyan-background-color has-background\"><\/p>\n<\/div><\/div>\n\n\n\n<p><\/p>\n\n\n\n<div class=\"wp-block-group has-light-green-cyan-background-color has-background\"><div class=\"wp-block-group__inner-container is-layout-flow wp-block-group-is-layout-flow\">\n<p class=\"has-text-align-center has-pale-pink-background-color has-background has-large-font-size\">Frau Otremba<\/p>\n\n\n\n<p class=\"has-text-align-center has-light-green-cyan-background-color has-background has-medium-font-size\">Klassenlehrerin 3b<\/p>\n\n\n\n<p class=\"has-text-align-center has-light-green-cyan-background-color has-background\"><\/p>\n<\/div><\/div>\n\n\n\n<p><\/p>\n\n\n\n<div class=\"wp-block-group alignwide has-pale-pink-background-color has-background\"><div class=\"wp-block-group__inner-container is-layout-flow wp-block-group-is-layout-flow\">\n<div class=\"wp-block-group alignwide\"><div class=\"wp-block-group__inner-container is-layout-flow wp-block-group-is-layout-flow\">\n<div class=\"wp-block-group alignwide\"><div class=\"wp-block-group__inner-container is-layout-flow wp-block-group-is-layout-flow\"><\/div><\/div>\n<\/div><\/div>\n<\/div><\/div>\n\n\n\n<p><\/p>\n\n\n\n<div class=\"wp-block-group has-light-green-cyan-background-color has-background\"><div class=\"wp-block-group__inner-container is-layout-flow wp-block-group-is-layout-flow\">\n<p class=\"has-text-align-center has-pale-pink-background-color has-background has-large-font-size\">Frau Reckers<\/p>\n\n\n\n<p class=\"has-text-align-center has-light-green-cyan-background-color has-background has-medium-font-size\">Klassenlehrerin 4b<\/p>\n<\/div><\/div>\n\n\n\n<div class=\"wp-block-group has-light-green-cyan-background-color has-background\"><div class=\"wp-block-group__inner-container is-layout-flow wp-block-group-is-layout-flow\">\n<p class=\"has-text-align-center has-pale-pink-background-color has-background has-large-font-size\">Frau Reimann<\/p>\n\n\n\n<p class=\"has-text-align-center\">Klassenlehrerin 1b<\/p>\n<\/div><\/div>\n\n\n\n<div class=\"wp-block-group has-light-green-cyan-background-color has-background\"><div class=\"wp-block-group__inner-container is-layout-flow wp-block-group-is-layout-flow\">\n<p class=\"has-text-align-center has-pale-pink-background-color has-background has-large-font-size\">Frau V\u00f6lksen<\/p>\n\n\n\n<p class=\"has-text-align-center has-light-green-cyan-background-color has-background has-medium-font-size\">Klassenlehrerin 1a<\/p>\n\n\n\n<p class=\"has-text-align-center has-light-green-cyan-background-color has-background\"><\/p>\n<\/div><\/div>\n\n\n\n<p><\/p>\n\n\n\n<div class=\"wp-block-group alignwide has-light-green-cyan-background-color has-background\"><div class=\"wp-block-group__inner-container is-layout-flow wp-block-group-is-layout-flow\">\n<p class=\"has-text-align-center has-pale-pink-background-color has-background has-large-font-size\">Frau Wohltmann<\/p>\n\n\n\n<p class=\"has-text-align-center has-light-green-cyan-background-color has-background has-medium-font-size\">Klassenlehrerin 3a<\/p>\n\n\n\n<p class=\"has-text-align-center has-light-green-cyan-background-color has-background has-medium-font-size\"><\/p>\n<\/div><\/div>\n\n\n\n<p class=\"has-text-align-center has-pale-pink-background-color has-background has-large-font-size\">Frau Korus-Ghotbi                                 (Lehrerin im Vorbereitungsdienst)<\/p>\n\n\n\n<p><\/p>\n\n\n\n<p><\/p>\n\n\n\n<p><\/p>\n\n\n\n<div class=\"wp-block-group has-light-green-cyan-background-color has-background\"><div class=\"wp-block-group__inner-container is-layout-flow wp-block-group-is-layout-flow\">\n<p class=\"has-text-align-center has-pale-pink-background-color has-background has-large-font-size\">Frau Lau und Frau Schreiber<\/p>\n\n\n\n<p class=\"has-text-align-center\">Schulsozialarbeiterinnen<\/p>\n<\/div><\/div>\n\n\n\n<p class=\"has-text-align-center has-pale-pink-background-color has-background\">Frau Mentzendorf<\/p>\n\n\n\n<p class=\"has-text-align-center has-light-green-cyan-background-color has-background\">Assistenzkraft der Stadt Ronnenberg<\/p>\n\n\n\n<p><\/p>\n\n\n\n<p><\/p>\n\n\n<p><!--StartFragment--><\/p>\n\n\n\n<p><!--EndFragment--><\/p>\n\n\n<p>Unsere P\u00e4dagogischen Mitarbeiterinnen:<\/p>\n\n\n\n<div class=\"wp-block-group has-light-green-cyan-background-color has-background\"><div class=\"wp-block-group__inner-container is-layout-flow wp-block-group-is-layout-flow\">\n<p class=\"has-text-align-center has-luminous-vivid-amber-background-color has-background has-large-font-size\">Frau Blum<\/p>\n\n\n\n<p class=\"has-text-align-center has-luminous-vivid-amber-background-color has-background has-large-font-size\">Frau Weber<\/p>\n\n\n\n<p class=\"has-text-align-center has-luminous-vivid-amber-background-color has-background has-large-font-size\">Frau Sch\u00fctze<\/p>\n\n\n\n<p class=\"has-text-align-center has-luminous-vivid-amber-background-color has-background has-large-font-size\"><\/p>\n<\/div><\/div>\n\n\n\n<p><\/p>\n\n\n\n<p><\/p>\n\n\n\n<p>Unser Hausmeister:<\/p>\n\n\n\n<p class=\"has-text-align-center has-vivid-cyan-blue-background-color has-background has-large-font-size\">Herr Stein<\/p>\n\n\n\n<p><\/p>\n\n\n\n<p><\/p>\n\n\n\n<p>Unsere Sekret\u00e4rin:<\/p>\n\n\n\n<p class=\"has-text-align-center has-luminous-vivid-orange-background-color has-background has-large-font-size\">Frau Wallat<\/p>\n\n\n\n<p>Unsere Bundesfreiwilligendienstlerin: <\/p>\n\n\n\n<p class=\"has-text-align-center has-vivid-green-cyan-color has-vivid-cyan-blue-background-color has-text-color has-background has-large-font-size\">Lenia Schmidt<\/p>\n\n\n\n<p><\/p>\n\n\n\n<p><\/p>\n","protected":false},"excerpt":{"rendered":"<p>Das sind wir! An der Regenbogenschule Weetzen unterrichten aktuell 14 Lehrerinnen. Unterst\u00fctzt werden wir durch vier p\u00e4dagogische Mitarbeiter_Innen, eine Sekret\u00e4rin und einen Hausmeister. Ebenso geh\u00f6ren zu unserem Team unsere Schulsozialarbeiterin und unsere Bundesfreiwilligendienstlerin im Bereich Sport. Z\u00f6gern Sie nicht uns anzusprechen. Bitte bedenken Sie aber, dass das Wohl Ihrer Kinder uns am Herzen liegt und&hellip;<\/p>\n","protected":false},"author":1,"featured_media":0,"parent":0,"menu_order":0,"comment_status":"closed","ping_status":"closed","template":"","meta":{"footnotes":""},"class_list":["post-250","page","type-page","status-publish","hentry"],"_links":{"self":[{"href":"http:\/\/regenbogenschule-weetzen.de\/index.php?rest_route=\/wp\/v2\/pages\/250"}],"collection":[{"href":"http:\/\/regenbogenschule-weetzen.de\/index.php?rest_route=\/wp\/v2\/pages"}],"about":[{"href":"http:\/\/regenbogenschule-weetzen.de\/index.php?rest_route=\/wp\/v2\/types\/page"}],"author":[{"embeddable":true,"href":"http:\/\/regenbogenschule-weetzen.de\/index.php?rest_route=\/wp\/v2\/users\/1"}],"replies":[{"embeddable":true,"href":"http:\/\/regenbogenschule-weetzen.de\/index.php?rest_route=%2Fwp%2Fv2%2Fcomments&post=250"}],"version-history":[{"count":52,"href":"http:\/\/regenbogenschule-weetzen.de\/index.php?rest_route=\/wp\/v2\/pages\/250\/revisions"}],"predecessor-version":[{"id":1131,"href":"http:\/\/regenbogenschule-weetzen.de\/index.php?rest_route=\/wp\/v2\/pages\/250\/revisions\/1131"}],"wp:attachment":[{"href":"http:\/\/regenbogenschule-weetzen.de\/index.php?rest_route=%2Fwp%2Fv2%2Fmedia&parent=250"}],"curies":[{"name":"wp","href":"https:\/\/api.w.org\/{rel}","templated":true}]}}